{"version":"1.0","provider_name":"Absolicon","provider_url":"https:\/\/www.agma.com\/sv\/","author_name":"jakubschenk","author_url":"https:\/\/www.agma.com\/sv\/author\/jakubschenk\/","title":"Klimatkv\u00e4ll p\u00e5 Nalen 27 juni 2018 - Absolicon","type":"rich","width":600,"height":338,"html":"<blockquote class=\"wp-embedded-content\" data-secret=\"Qb4Cee7JpC\"><a href=\"https:\/\/www.agma.com\/sv\/klimatkvall-pa-nalen-27-juni-2018\/\">Klimatkv\u00e4ll p\u00e5 Nalen 27 juni 2018<\/a><\/blockquote><iframe sandbox=\"allow-scripts\" security=\"restricted\" src=\"https:\/\/www.agma.com\/sv\/klimatkvall-pa-nalen-27-juni-2018\/embed\/#?secret=Qb4Cee7JpC\" width=\"600\" height=\"338\" title=\"\u201dKlimatkv\u00e4ll p\u00e5 Nalen 27 juni 2018\u201d &ndash; Absolicon\" data-secret=\"Qb4Cee7JpC\" frameborder=\"0\" marginwidth=\"0\" marginheight=\"0\" scrolling=\"no\" class=\"wp-embedded-content\"><\/iframe><script>\n\/*! This file is auto-generated *\/\n!function(d,l){\"use strict\";l.querySelector&&d.addEventListener&&\"undefined\"!=typeof URL&&(d.wp=d.wp||{},d.wp.receiveEmbedMessage||(d.wp.receiveEmbedMessage=function(e){var t=e.data;if((t||t.secret||t.message||t.value)&&!\/[^a-zA-Z0-9]\/.test(t.secret)){for(var s,r,n,a=l.querySelectorAll('iframe[data-secret=\"'+t.secret+'\"]'),o=l.querySelectorAll('blockquote[data-secret=\"'+t.secret+'\"]'),c=new RegExp(\"^https?:$\",\"i\"),i=0;i<o.length;i++)o[i].style.display=\"none\";for(i=0;i<a.length;i++)s=a[i],e.source===s.contentWindow&&(s.removeAttribute(\"style\"),\"height\"===t.message?(1e3<(r=parseInt(t.value,10))?r=1e3:~~r<200&&(r=200),s.height=r):\"link\"===t.message&&(r=new URL(s.getAttribute(\"src\")),n=new URL(t.value),c.test(n.protocol))&&n.host===r.host&&l.activeElement===s&&(d.top.location.href=t.value))}},d.addEventListener(\"message\",d.wp.receiveEmbedMessage,!1),l.addEventListener(\"DOMContentLoaded\",function(){for(var e,t,s=l.querySelectorAll(\"iframe.wp-embedded-content\"),r=0;r<s.length;r++)(t=(e=s[r]).getAttribute(\"data-secret\"))||(t=Math.random().toString(36).substring(2,12),e.src+=\"#?secret=\"+t,e.setAttribute(\"data-secret\",t)),e.contentWindow.postMessage({message:\"ready\",secret:t},\"*\")},!1)))}(window,document);\n\/\/# sourceURL=https:\/\/www.agma.com\/wp-includes\/js\/wp-embed.min.js\n<\/script>\n","description":"[ingress]Missade du Absolicondagen v\u00e5ren 2018 i H\u00e4rn\u00f6sand? \u00d6ver 350 aktie\u00e4gare och intresserade deltog p\u00e5 invigning och presentationer. Nu finns chansen att f\u00e5 ta del av presentationerna i Stockholm. Anm\u00e4l dig till en l\u00e4rorik och viktig kv\u00e4ll med Absolicon![\/ingress] &nbsp; Onsdag den 27 juni 2018 kl 19:00 arrangerar Absolicon klimatkv\u00e4ll p\u00e5 Nalen, Regeringsgatan 74, i Stockholm [&hellip;]","thumbnail_url":"https:\/\/www.agma.comwp-content\/sembly_data\/thumbnail\/2b\/cfd5834b730e8f3a439a2093221852.png"}