{"version":"1.0","provider_name":"Absolicon","provider_url":"https:\/\/www.agma.com\/sv\/","author_name":"jakubschenk","author_url":"https:\/\/www.agma.com\/sv\/author\/jakubschenk\/","title":"M\u00f6t oss p\u00e5 Aktie\u00e4garnas Sm\u00e5bolagsdag 11 juni 2018 - Absolicon","type":"rich","width":600,"height":338,"html":"<blockquote class=\"wp-embedded-content\" data-secret=\"DsPULRKYq0\"><a href=\"https:\/\/www.agma.com\/sv\/mot-oss-pa-aktieagarnas-smabolagsdag-11-juni-2018\/\">M\u00f6t oss p\u00e5 Aktie\u00e4garnas Sm\u00e5bolagsdag 11 juni 2018<\/a><\/blockquote><iframe sandbox=\"allow-scripts\" security=\"restricted\" src=\"https:\/\/www.agma.com\/sv\/mot-oss-pa-aktieagarnas-smabolagsdag-11-juni-2018\/embed\/#?secret=DsPULRKYq0\" width=\"600\" height=\"338\" title=\"\u201dM\u00f6t oss p\u00e5 Aktie\u00e4garnas Sm\u00e5bolagsdag 11 juni 2018\u201d &ndash; Absolicon\" data-secret=\"DsPULRKYq0\" frameborder=\"0\" marginwidth=\"0\" marginheight=\"0\" scrolling=\"no\" class=\"wp-embedded-content\"><\/iframe><script>\n\/*! This file is auto-generated *\/\n!function(d,l){\"use strict\";l.querySelector&&d.addEventListener&&\"undefined\"!=typeof URL&&(d.wp=d.wp||{},d.wp.receiveEmbedMessage||(d.wp.receiveEmbedMessage=function(e){var t=e.data;if((t||t.secret||t.message||t.value)&&!\/[^a-zA-Z0-9]\/.test(t.secret)){for(var s,r,n,a=l.querySelectorAll('iframe[data-secret=\"'+t.secret+'\"]'),o=l.querySelectorAll('blockquote[data-secret=\"'+t.secret+'\"]'),c=new RegExp(\"^https?:$\",\"i\"),i=0;i<o.length;i++)o[i].style.display=\"none\";for(i=0;i<a.length;i++)s=a[i],e.source===s.contentWindow&&(s.removeAttribute(\"style\"),\"height\"===t.message?(1e3<(r=parseInt(t.value,10))?r=1e3:~~r<200&&(r=200),s.height=r):\"link\"===t.message&&(r=new URL(s.getAttribute(\"src\")),n=new URL(t.value),c.test(n.protocol))&&n.host===r.host&&l.activeElement===s&&(d.top.location.href=t.value))}},d.addEventListener(\"message\",d.wp.receiveEmbedMessage,!1),l.addEventListener(\"DOMContentLoaded\",function(){for(var e,t,s=l.querySelectorAll(\"iframe.wp-embedded-content\"),r=0;r<s.length;r++)(t=(e=s[r]).getAttribute(\"data-secret\"))||(t=Math.random().toString(36).substring(2,12),e.src+=\"#?secret=\"+t,e.setAttribute(\"data-secret\",t)),e.contentWindow.postMessage({message:\"ready\",secret:t},\"*\")},!1)))}(window,document);\n\/\/# sourceURL=https:\/\/www.agma.com\/wp-includes\/js\/wp-embed.min.js\n<\/script>\n","description":"[ingress] M\u00e5ndag 11 juni p\u00e5 Aktiespararnas Sm\u00e5bolagsdag ber\u00e4ttar vd Joakim Bystr\u00f6m om Absolicons framtidsplaner. [\/ingress]Arrangemanget h\u00e5lls p\u00e5 Sheraton Hotel, Stockholm. V\u00e5r presentation genomf\u00f6rs kl. 15:20 i sal 1. Evenemanget bes\u00f6ks \u00e5rligen av cirka 400 privatinvesterare och f\u00f6ljs via livestreaming och on demand av tusentals tittare. I \u00e5r medverkar 57 b\u00f6rsbolag. Absolicon deltar ocks\u00e5 i en [&hellip;]"}